{"id":8,"date":"2022-11-15T16:48:10","date_gmt":"2022-11-15T16:48:10","guid":{"rendered":"https:\/\/www.separadorcarrilbici.com\/cat\/?page_id=8"},"modified":"2024-05-13T13:38:58","modified_gmt":"2024-05-13T13:38:58","slug":"separadors-carril-bici","status":"publish","type":"page","link":"https:\/\/www.separadorcarrilbici.com\/cat\/","title":{"rendered":"Separadors carril bici"},"content":{"rendered":"\t\t<div data-elementor-type=\"wp-page\" data-elementor-id=\"8\" class=\"elementor elementor-8\">\n\t\t\t\t<div class=\"elementor-element elementor-element-45326a89 e-flex e-con-boxed e-con e-parent\" data-id=\"45326a89\" data-element_type=\"container\">\n\t\t\t\t\t<div class=\"e-con-inner\">\n\t\t<div class=\"elementor-element elementor-element-24d73a10 e-con-full e-flex e-con e-child\" data-id=\"24d73a10\" data-element_type=\"container\">\n\t\t<div class=\"elementor-element elementor-element-2276c55d e-con-full e-flex e-con e-child\" data-id=\"2276c55d\" data-element_type=\"container\">\n\t\t<div class=\"elementor-element elementor-element-4fea0e8e e-con-full e-flex e-con e-child\" data-id=\"4fea0e8e\" data-element_type=\"container\">\n\t\t\t\t<\/div>\n\t\t\t\t<\/div>\n\t\t\t\t<\/div>\n\t\t\t\t\t<\/div>\n\t\t\t\t<\/div>\n\t\t<div class=\"elementor-element elementor-element-4be07350 e-flex e-con-boxed e-con e-parent\" data-id=\"4be07350\" data-element_type=\"container\">\n\t\t\t\t\t<div class=\"e-con-inner\">\n\t\t\t\t<div class=\"elementor-element elementor-element-f87dde4 elementor-widget elementor-widget-text-editor\" data-id=\"f87dde4\" data-element_type=\"widget\" data-widget_type=\"text-editor.default\">\n\t\t\t\t<div class=\"elementor-widget-container\">\n\t\t\t\t\t\t\t\t\t<p>Els separadors de carril bici s\u00f3n una soluci\u00f3 cada vegada m\u00e9s popular per promoure la seguretat i l&#8217;\u00fas de la bicicleta a les ciutats. Aquests separadors f\u00edsics es col\u00b7loquen entre el carril de tr\u00e0fic i el carril bici, proporcionant una barrera f\u00edsica que ajuda a protegir els ciclistes dels vehicles.&nbsp;<span style=\"font-style: inherit; font-weight: inherit; color: var( --e-global-color-text ); font-family: var( --e-global-typography-text-font-family ), Sans-serif; text-align: var(--text-align); background-color: var(--ast-global-color-5);\">A m\u00e9s de la seguretat, els separadors de carril bici tamb\u00e9 fomenten l&#8217;\u00fas de la bicicleta en proporcionar un espai dedicat per als ciclistes. Aix\u00f2 pot reduir la congesti\u00f3 del tr\u00e0fic i millorar la qualitat de l&#8217;aire desincentivant l&#8217;\u00fas dels vehicles.<\/span><\/p><p><span style=\"background-color: var(--ast-global-color-5); color: var( --e-global-color-text ); font-family: var( --e-global-typography-text-font-family ), Sans-serif; font-style: inherit; font-weight: inherit; text-align: var(--text-align);\">En resum, els separadors de carril bici s\u00f3n una eina efica\u00e7 per millorar la seguretat i promoure l&#8217;\u00fas de la bicicleta a les ciutats. A mesura que m\u00e9s i m\u00e9s ciutats busquen solucions per reduir la congesti\u00f3 del tr\u00e0fic i millorar la qualitat de l&#8217;aire, \u00e9s probable que vegem un augment en la instal\u00b7laci\u00f3 de separadors de carril bici arreu del m\u00f3n.<\/span><\/p>\t\t\t\t\t\t\t\t<\/div>\n\t\t\t\t<\/div>\n\t\t<div class=\"elementor-element elementor-element-21ac71d5 e-con-full e-flex e-con e-child\" data-id=\"21ac71d5\" data-element_type=\"container\" id=\"sep-cautxu\">\n\t\t<div class=\"elementor-element elementor-element-2f8167d e-con-full e-flex e-con e-child\" data-id=\"2f8167d\" data-element_type=\"container\">\n\t\t<div class=\"elementor-element elementor-element-3ef010fa e-con-full e-flex e-con e-child\" data-id=\"3ef010fa\" data-element_type=\"container\">\n\t\t\t\t<div class=\"elementor-element elementor-element-17137bee elementor-widget elementor-widget-heading\" data-id=\"17137bee\" data-element_type=\"widget\" data-widget_type=\"heading.default\">\n\t\t\t\t<div class=\"elementor-widget-container\">\n\t\t\t\t\t<h1 class=\"elementor-heading-title elementor-size-default\">Separadors vials de cautx\u00fa\u200b<\/h1>\t\t\t\t<\/div>\n\t\t\t\t<\/div>\n\t\t\t\t<div class=\"elementor-element elementor-element-633b63da elementor-widget elementor-widget-text-editor\" data-id=\"633b63da\" data-element_type=\"widget\" data-widget_type=\"text-editor.default\">\n\t\t\t\t<div class=\"elementor-widget-container\">\n\t\t\t\t\t\t\t\t\t<p>Separador carril bici de cautx\u00fa ideals per a delimitar carrils bici i protegir els ciclistes.<\/p>\t\t\t\t\t\t\t\t<\/div>\n\t\t\t\t<\/div>\n\t\t\t\t<\/div>\n\t\t\t\t<\/div>\n\t\t<div class=\"elementor-element elementor-element-6bd3e781 e-con-full e-flex e-con e-child\" data-id=\"6bd3e781\" data-element_type=\"container\">\n\t\t\t\t<div class=\"elementor-element elementor-element-34003db3 elementor-widget elementor-widget-wp-widget-media_image\" data-id=\"34003db3\" data-element_type=\"widget\" data-widget_type=\"wp-widget-media_image.default\">\n\t\t\t\t<div class=\"elementor-widget-container\">\n\t\t\t\t\t<a href=\"https:\/\/www.separadorcarrilbici.com\/cat\/separador-viari-mompe\/\"><img fetchpriority=\"high\" decoding=\"async\" width=\"340\" height=\"200\" src=\"https:\/\/www.separadorcarrilbici.com\/cat\/wp-content\/uploads\/sites\/2\/2022\/11\/separador-mompe.jpg\" class=\"image wp-image-769  attachment-full size-full\" alt=\"separadors vials mompe\" style=\"max-width: 100%; height: auto;\" title=\"separadors vials mompe\" srcset=\"https:\/\/www.separadorcarrilbici.com\/cat\/wp-content\/uploads\/sites\/2\/2022\/11\/separador-mompe.jpg 340w, https:\/\/www.separadorcarrilbici.com\/cat\/wp-content\/uploads\/sites\/2\/2022\/11\/separador-mompe-300x176.jpg 300w\" sizes=\"(max-width: 340px) 100vw, 340px\" \/><\/a>\t\t\t\t<\/div>\n\t\t\t\t<\/div>\n\t\t\t\t<div class=\"elementor-element elementor-element-3023ab46 elementor-widget elementor-widget-text-editor\" data-id=\"3023ab46\" data-element_type=\"widget\" data-widget_type=\"text-editor.default\">\n\t\t\t\t<div class=\"elementor-widget-container\">\n\t\t\t\t\t\t\t\t\t<p><strong>Separador vial modular Mompe\u00a0<\/strong> asim\u00e8tric de cautx\u00fa negre. Costat dels vehicles m\u00e9s elevat per a dificultar el pas al carril. Dues cintes blanques oferint una alta visibilitat.<\/p>\t\t\t\t\t\t\t\t<\/div>\n\t\t\t\t<\/div>\n\t\t\t\t<div class=\"elementor-element elementor-element-1a5a3293 elementor-align-justify elementor-widget elementor-widget-button\" data-id=\"1a5a3293\" data-element_type=\"widget\" data-widget_type=\"button.default\">\n\t\t\t\t<div class=\"elementor-widget-container\">\n\t\t\t\t\t\t\t\t\t<div class=\"elementor-button-wrapper\">\n\t\t\t\t\t<a class=\"elementor-button elementor-button-link elementor-size-xs\" href=\"https:\/\/www.separadorcarrilbici.com\/cat\/separador-viari-mompe\/\">\n\t\t\t\t\t\t<span class=\"elementor-button-content-wrapper\">\n\t\t\t\t\t\t\t\t\t<span class=\"elementor-button-text\">M\u00e9s informaci\u00f3 Separador vial Mompe<\/span>\n\t\t\t\t\t<\/span>\n\t\t\t\t\t<\/a>\n\t\t\t\t<\/div>\n\t\t\t\t\t\t\t\t<\/div>\n\t\t\t\t<\/div>\n\t\t\t\t<\/div>\n\t\t<div class=\"elementor-element elementor-element-17607e04 e-con-full e-flex e-con e-child\" data-id=\"17607e04\" data-element_type=\"container\">\n\t\t\t\t<div class=\"elementor-element elementor-element-2ca50a75 elementor-widget elementor-widget-wp-widget-media_image\" data-id=\"2ca50a75\" data-element_type=\"widget\" data-widget_type=\"wp-widget-media_image.default\">\n\t\t\t\t<div class=\"elementor-widget-container\">\n\t\t\t\t\t<a href=\"https:\/\/www.separadorcarrilbici.com\/cat\/separador-viari-mompe-2\/\"><img decoding=\"async\" width=\"340\" height=\"200\" src=\"https:\/\/www.separadorcarrilbici.com\/cat\/wp-content\/uploads\/sites\/2\/2022\/11\/separador-mompe2.jpg\" class=\"image wp-image-830  attachment-full size-full\" alt=\"separador vial mompe 2 instal\u00b7lat\" style=\"max-width: 100%; height: auto;\" title=\"separador vial mompe 2 instal\u00b7lat\" srcset=\"https:\/\/www.separadorcarrilbici.com\/cat\/wp-content\/uploads\/sites\/2\/2022\/11\/separador-mompe2.jpg 340w, https:\/\/www.separadorcarrilbici.com\/cat\/wp-content\/uploads\/sites\/2\/2022\/11\/separador-mompe2-300x176.jpg 300w\" sizes=\"(max-width: 340px) 100vw, 340px\" \/><\/a>\t\t\t\t<\/div>\n\t\t\t\t<\/div>\n\t\t\t\t<div class=\"elementor-element elementor-element-30204c4d elementor-widget elementor-widget-text-editor\" data-id=\"30204c4d\" data-element_type=\"widget\" data-widget_type=\"text-editor.default\">\n\t\t\t\t<div class=\"elementor-widget-container\">\n\t\t\t\t\t\t\t\t\t<p><strong>Separadors asim\u00e8tric modular\u00a0Mompe\u00a02<\/strong> fabricat en cautx\u00fa negre amb dues franges blanques. Separador per a protegir els ciclistes dels vehicles en zones urbanes.<\/p>\t\t\t\t\t\t\t\t<\/div>\n\t\t\t\t<\/div>\n\t\t\t\t<div class=\"elementor-element elementor-element-7656a498 elementor-align-justify elementor-widget elementor-widget-button\" data-id=\"7656a498\" data-element_type=\"widget\" data-widget_type=\"button.default\">\n\t\t\t\t<div class=\"elementor-widget-container\">\n\t\t\t\t\t\t\t\t\t<div class=\"elementor-button-wrapper\">\n\t\t\t\t\t<a class=\"elementor-button elementor-button-link elementor-size-xs\" href=\"https:\/\/www.separadorcarrilbici.com\/cat\/separador-viari-mompe-2\/\">\n\t\t\t\t\t\t<span class=\"elementor-button-content-wrapper\">\n\t\t\t\t\t\t\t\t\t<span class=\"elementor-button-text\">M\u00e9s informaci\u00f3 Separador vial Mompe 2<\/span>\n\t\t\t\t\t<\/span>\n\t\t\t\t\t<\/a>\n\t\t\t\t<\/div>\n\t\t\t\t\t\t\t\t<\/div>\n\t\t\t\t<\/div>\n\t\t\t\t<\/div>\n\t\t<div class=\"elementor-element elementor-element-426b6347 e-con-full e-flex e-con e-child\" data-id=\"426b6347\" data-element_type=\"container\">\n\t\t\t\t<div class=\"elementor-element elementor-element-cd72c22 elementor-widget elementor-widget-wp-widget-media_image\" data-id=\"cd72c22\" data-element_type=\"widget\" data-widget_type=\"wp-widget-media_image.default\">\n\t\t\t\t<div class=\"elementor-widget-container\">\n\t\t\t\t\t<a href=\"https:\/\/www.separadorcarrilbici.com\/cat\/separador-viari-mompe-3\/\"><img decoding=\"async\" width=\"340\" height=\"200\" src=\"https:\/\/www.separadorcarrilbici.com\/cat\/wp-content\/uploads\/sites\/2\/2022\/11\/separador-mompe3.jpg\" class=\"image wp-image-829  attachment-full size-full\" alt=\"separador vial mompe3 carril bici\" style=\"max-width: 100%; height: auto;\" title=\"separador vial mompe3 carril bici\" srcset=\"https:\/\/www.separadorcarrilbici.com\/cat\/wp-content\/uploads\/sites\/2\/2022\/11\/separador-mompe3.jpg 340w, https:\/\/www.separadorcarrilbici.com\/cat\/wp-content\/uploads\/sites\/2\/2022\/11\/separador-mompe3-300x176.jpg 300w\" sizes=\"(max-width: 340px) 100vw, 340px\" \/><\/a>\t\t\t\t<\/div>\n\t\t\t\t<\/div>\n\t\t\t\t<div class=\"elementor-element elementor-element-3892c149 elementor-widget elementor-widget-text-editor\" data-id=\"3892c149\" data-element_type=\"widget\" data-widget_type=\"text-editor.default\">\n\t\t\t\t<div class=\"elementor-widget-container\">\n\t\t\t\t\t\t\t\t\t<p><strong>Separador vial asim\u00e8tric\u00a0Mompe\u00a03<\/strong> d&#8217;una sola pe\u00e7a amb dues franges blanques millorant la seva visibilitat. El costat dels vehicles \u00e9s m\u00e9s\u00a0elevat dificultant el pas del carril.<\/p>\t\t\t\t\t\t\t\t<\/div>\n\t\t\t\t<\/div>\n\t\t\t\t<div class=\"elementor-element elementor-element-3eb51af3 elementor-align-justify elementor-widget elementor-widget-button\" data-id=\"3eb51af3\" data-element_type=\"widget\" data-widget_type=\"button.default\">\n\t\t\t\t<div class=\"elementor-widget-container\">\n\t\t\t\t\t\t\t\t\t<div class=\"elementor-button-wrapper\">\n\t\t\t\t\t<a class=\"elementor-button elementor-button-link elementor-size-xs\" href=\"https:\/\/www.separadorcarrilbici.com\/cat\/separador-viari-mompe-3\/\">\n\t\t\t\t\t\t<span class=\"elementor-button-content-wrapper\">\n\t\t\t\t\t\t\t\t\t<span class=\"elementor-button-text\"> M\u00e9s informaci\u00f3 Separador vial Mompe 3<\/span>\n\t\t\t\t\t<\/span>\n\t\t\t\t\t<\/a>\n\t\t\t\t<\/div>\n\t\t\t\t\t\t\t\t<\/div>\n\t\t\t\t<\/div>\n\t\t\t\t<\/div>\n\t\t<div class=\"elementor-element elementor-element-63ea68ed e-con-full e-flex e-con e-child\" data-id=\"63ea68ed\" data-element_type=\"container\">\n\t\t\t\t<div class=\"elementor-element elementor-element-68f8de6d elementor-widget elementor-widget-wp-widget-media_image\" data-id=\"68f8de6d\" data-element_type=\"widget\" data-widget_type=\"wp-widget-media_image.default\">\n\t\t\t\t<div class=\"elementor-widget-container\">\n\t\t\t\t\t<a href=\"https:\/\/www.separadorcarrilbici.com\/cat\/separador-viari-tigre\/\"><img loading=\"lazy\" decoding=\"async\" width=\"340\" height=\"200\" src=\"https:\/\/www.separadorcarrilbici.com\/cat\/wp-content\/uploads\/sites\/2\/2022\/11\/separador-tigre.jpg\" class=\"image wp-image-828  attachment-full size-full\" alt=\"separador vial tigre\" style=\"max-width: 100%; height: auto;\" title=\"separador vial tigre\" srcset=\"https:\/\/www.separadorcarrilbici.com\/cat\/wp-content\/uploads\/sites\/2\/2022\/11\/separador-tigre.jpg 340w, https:\/\/www.separadorcarrilbici.com\/cat\/wp-content\/uploads\/sites\/2\/2022\/11\/separador-tigre-300x176.jpg 300w\" sizes=\"(max-width: 340px) 100vw, 340px\" \/><\/a>\t\t\t\t<\/div>\n\t\t\t\t<\/div>\n\t\t\t\t<div class=\"elementor-element elementor-element-25fdb10 elementor-widget elementor-widget-text-editor\" data-id=\"25fdb10\" data-element_type=\"widget\" data-widget_type=\"text-editor.default\">\n\t\t\t\t<div class=\"elementor-widget-container\">\n\t\t\t\t\t\t\t\t\t<p><strong>Separadors de carril bici Tigre<\/strong> dissenyat per ciclistes que ofereix una gran visibilitat i permet la instal\u00b7laci\u00f3 i l&#8217;adaptaci\u00f3 a tot tipus de vies urbanes.<\/p>\t\t\t\t\t\t\t\t<\/div>\n\t\t\t\t<\/div>\n\t\t\t\t<div class=\"elementor-element elementor-element-3d7b1bff elementor-align-justify elementor-widget elementor-widget-button\" data-id=\"3d7b1bff\" data-element_type=\"widget\" data-widget_type=\"button.default\">\n\t\t\t\t<div class=\"elementor-widget-container\">\n\t\t\t\t\t\t\t\t\t<div class=\"elementor-button-wrapper\">\n\t\t\t\t\t<a class=\"elementor-button elementor-button-link elementor-size-xs\" href=\"https:\/\/www.separadorcarrilbici.com\/cat\/separador-viari-tigre\/\">\n\t\t\t\t\t\t<span class=\"elementor-button-content-wrapper\">\n\t\t\t\t\t\t\t\t\t<span class=\"elementor-button-text\"> M\u00e9s informaci\u00f3 Separador viari Tigre<\/span>\n\t\t\t\t\t<\/span>\n\t\t\t\t\t<\/a>\n\t\t\t\t<\/div>\n\t\t\t\t\t\t\t\t<\/div>\n\t\t\t\t<\/div>\n\t\t\t\t<\/div>\n\t\t<div class=\"elementor-element elementor-element-42ae4441 e-con-full e-flex e-con e-child\" data-id=\"42ae4441\" data-element_type=\"container\">\n\t\t\t\t<div class=\"elementor-element elementor-element-274e2187 elementor-widget elementor-widget-wp-widget-media_image\" data-id=\"274e2187\" data-element_type=\"widget\" data-widget_type=\"wp-widget-media_image.default\">\n\t\t\t\t<div class=\"elementor-widget-container\">\n\t\t\t\t\t<a href=\"https:\/\/www.separadorcarrilbici.com\/cat\/separador-vial-semart\/\"><img loading=\"lazy\" decoding=\"async\" width=\"340\" height=\"200\" src=\"https:\/\/www.separadorcarrilbici.com\/cat\/wp-content\/uploads\/sites\/2\/2022\/11\/separador-semart.jpg\" class=\"image wp-image-827  attachment-full size-full\" alt=\"separador viari semart cautx\u00fa\" style=\"max-width: 100%; height: auto;\" title=\"separador viari semart cautx\u00fa\" srcset=\"https:\/\/www.separadorcarrilbici.com\/cat\/wp-content\/uploads\/sites\/2\/2022\/11\/separador-semart.jpg 340w, https:\/\/www.separadorcarrilbici.com\/cat\/wp-content\/uploads\/sites\/2\/2022\/11\/separador-semart-300x176.jpg 300w\" sizes=\"(max-width: 340px) 100vw, 340px\" \/><\/a>\t\t\t\t<\/div>\n\t\t\t\t<\/div>\n\t\t\t\t<div class=\"elementor-element elementor-element-3901d66a elementor-widget elementor-widget-text-editor\" data-id=\"3901d66a\" data-element_type=\"widget\" data-widget_type=\"text-editor.default\">\n\t\t\t\t<div class=\"elementor-widget-container\">\n\t\t\t\t\t\t\t\t\t<p><strong>Separador vial\u00a0Semart<\/strong>\u00a0asim\u00e8tric fabricat amb granulat\u00a0de cautx\u00fa. El 90% dels seus components \u00e9s cautx\u00fa reutilitzat triturat refor\u00e7at amb poliuret\u00e0.<\/p>\t\t\t\t\t\t\t\t<\/div>\n\t\t\t\t<\/div>\n\t\t\t\t<div class=\"elementor-element elementor-element-46836dfa elementor-align-justify elementor-widget elementor-widget-button\" data-id=\"46836dfa\" data-element_type=\"widget\" data-widget_type=\"button.default\">\n\t\t\t\t<div class=\"elementor-widget-container\">\n\t\t\t\t\t\t\t\t\t<div class=\"elementor-button-wrapper\">\n\t\t\t\t\t<a class=\"elementor-button elementor-button-link elementor-size-xs\" href=\"https:\/\/www.separadorcarrilbici.com\/cat\/separador-vial-semart\/\">\n\t\t\t\t\t\t<span class=\"elementor-button-content-wrapper\">\n\t\t\t\t\t\t\t\t\t<span class=\"elementor-button-text\"> M\u00e9s informaci\u00f3 Separador vial Semart<\/span>\n\t\t\t\t\t<\/span>\n\t\t\t\t\t<\/a>\n\t\t\t\t<\/div>\n\t\t\t\t\t\t\t\t<\/div>\n\t\t\t\t<\/div>\n\t\t\t\t<\/div>\n\t\t<div class=\"elementor-element elementor-element-76edcadc e-con-full e-flex e-con e-child\" data-id=\"76edcadc\" data-element_type=\"container\">\n\t\t\t\t<div class=\"elementor-element elementor-element-252c3e85 elementor-widget elementor-widget-wp-widget-media_image\" data-id=\"252c3e85\" data-element_type=\"widget\" data-widget_type=\"wp-widget-media_image.default\">\n\t\t\t\t<div class=\"elementor-widget-container\">\n\t\t\t\t\t<a href=\"https:\/\/www.separadorcarrilbici.com\/cat\/separador-viari-sevi\/\"><img loading=\"lazy\" decoding=\"async\" width=\"340\" height=\"200\" src=\"https:\/\/www.separadorcarrilbici.com\/cat\/wp-content\/uploads\/sites\/2\/2022\/11\/separador-sevi.jpg\" class=\"image wp-image-826  attachment-full size-full\" alt=\"\" style=\"max-width: 100%; height: auto;\" title=\"separador vial sevi\" srcset=\"https:\/\/www.separadorcarrilbici.com\/cat\/wp-content\/uploads\/sites\/2\/2022\/11\/separador-sevi.jpg 340w, https:\/\/www.separadorcarrilbici.com\/cat\/wp-content\/uploads\/sites\/2\/2022\/11\/separador-sevi-300x176.jpg 300w\" sizes=\"(max-width: 340px) 100vw, 340px\" \/><\/a>\t\t\t\t<\/div>\n\t\t\t\t<\/div>\n\t\t\t\t<div class=\"elementor-element elementor-element-3f14a904 elementor-widget elementor-widget-text-editor\" data-id=\"3f14a904\" data-element_type=\"widget\" data-widget_type=\"text-editor.default\">\n\t\t\t\t<div class=\"elementor-widget-container\">\n\t\t\t\t\t\t\t\t\t<p><strong>Separadors vials Sevi de cautx\u00fa<\/strong> mass\u00eds negre en un sol bloc amb tires reflectores dissenyats per a separar carrils. Separadors vials d&#8217;un sol bloc.<\/p>\t\t\t\t\t\t\t\t<\/div>\n\t\t\t\t<\/div>\n\t\t\t\t<div class=\"elementor-element elementor-element-66deae75 elementor-align-justify elementor-widget elementor-widget-button\" data-id=\"66deae75\" data-element_type=\"widget\" data-widget_type=\"button.default\">\n\t\t\t\t<div class=\"elementor-widget-container\">\n\t\t\t\t\t\t\t\t\t<div class=\"elementor-button-wrapper\">\n\t\t\t\t\t<a class=\"elementor-button elementor-button-link elementor-size-xs\" href=\"https:\/\/www.separadorcarrilbici.com\/cat\/separador-viari-sevi\/\">\n\t\t\t\t\t\t<span class=\"elementor-button-content-wrapper\">\n\t\t\t\t\t\t\t\t\t<span class=\"elementor-button-text\"> M\u00e9s informaci\u00f3 Separador vi\u00e0ria Sevi<\/span>\n\t\t\t\t\t<\/span>\n\t\t\t\t\t<\/a>\n\t\t\t\t<\/div>\n\t\t\t\t\t\t\t\t<\/div>\n\t\t\t\t<\/div>\n\t\t\t\t<\/div>\n\t\t<div class=\"elementor-element elementor-element-5125dc0a e-con-full e-flex e-con e-child\" data-id=\"5125dc0a\" data-element_type=\"container\">\n\t\t\t\t<div class=\"elementor-element elementor-element-60796ec1 elementor-widget elementor-widget-wp-widget-media_image\" data-id=\"60796ec1\" data-element_type=\"widget\" data-widget_type=\"wp-widget-media_image.default\">\n\t\t\t\t<div class=\"elementor-widget-container\">\n\t\t\t\t\t<a href=\"https:\/\/www.separadorcarrilbici.com\/cat\/separador-viari-sevimo\/\"><img loading=\"lazy\" decoding=\"async\" width=\"340\" height=\"200\" src=\"https:\/\/www.separadorcarrilbici.com\/cat\/wp-content\/uploads\/sites\/2\/2022\/11\/separador-sevimo.jpg\" class=\"image wp-image-825  attachment-full size-full\" alt=\"separador vial sevimo\" style=\"max-width: 100%; height: auto;\" title=\"separador vial sevimo\" srcset=\"https:\/\/www.separadorcarrilbici.com\/cat\/wp-content\/uploads\/sites\/2\/2022\/11\/separador-sevimo.jpg 340w, https:\/\/www.separadorcarrilbici.com\/cat\/wp-content\/uploads\/sites\/2\/2022\/11\/separador-sevimo-300x176.jpg 300w\" sizes=\"(max-width: 340px) 100vw, 340px\" \/><\/a>\t\t\t\t<\/div>\n\t\t\t\t<\/div>\n\t\t\t\t<div class=\"elementor-element elementor-element-45cfd613 elementor-widget elementor-widget-text-editor\" data-id=\"45cfd613\" data-element_type=\"widget\" data-widget_type=\"text-editor.default\">\n\t\t\t\t<div class=\"elementor-widget-container\">\n\t\t\t\t\t\t\t\t\t<p><strong>Separador Sevimo<\/strong>\u00a0de cautx\u00fa en peces\u00a0monobloques\u00a0amb tacs met\u00e0l\u00b7lics que s&#8217;uneixen entre elles. Aconseguint una millor fixaci\u00f3 al i resist\u00e8ncia als impactes.<\/p>\t\t\t\t\t\t\t\t<\/div>\n\t\t\t\t<\/div>\n\t\t\t\t<div class=\"elementor-element elementor-element-5730617e elementor-align-justify elementor-widget elementor-widget-button\" data-id=\"5730617e\" data-element_type=\"widget\" data-widget_type=\"button.default\">\n\t\t\t\t<div class=\"elementor-widget-container\">\n\t\t\t\t\t\t\t\t\t<div class=\"elementor-button-wrapper\">\n\t\t\t\t\t<a class=\"elementor-button elementor-button-link elementor-size-xs\" href=\"https:\/\/www.separadorcarrilbici.com\/cat\/separador-viari-sevimo\/\">\n\t\t\t\t\t\t<span class=\"elementor-button-content-wrapper\">\n\t\t\t\t\t\t\t\t\t<span class=\"elementor-button-text\">M\u00e9s informaci\u00f3 Separador vial Sevimo<\/span>\n\t\t\t\t\t<\/span>\n\t\t\t\t\t<\/a>\n\t\t\t\t<\/div>\n\t\t\t\t\t\t\t\t<\/div>\n\t\t\t\t<\/div>\n\t\t\t\t<\/div>\n\t\t<div class=\"elementor-element elementor-element-24a46dde e-con-full e-flex e-con e-child\" data-id=\"24a46dde\" data-element_type=\"container\">\n\t\t\t\t<div class=\"elementor-element elementor-element-3bd5e782 elementor-widget elementor-widget-wp-widget-media_image\" data-id=\"3bd5e782\" data-element_type=\"widget\" data-widget_type=\"wp-widget-media_image.default\">\n\t\t\t\t<div class=\"elementor-widget-container\">\n\t\t\t\t\t<a href=\"https:\/\/www.separadorcarrilbici.com\/cat\/separador-viari-button\/\"><img loading=\"lazy\" decoding=\"async\" width=\"340\" height=\"200\" src=\"https:\/\/www.separadorcarrilbici.com\/cat\/wp-content\/uploads\/sites\/2\/2022\/11\/separador-button.jpg\" class=\"image wp-image-824  attachment-full size-full\" alt=\"separador vial button\" style=\"max-width: 100%; height: auto;\" title=\"separador vial button\" srcset=\"https:\/\/www.separadorcarrilbici.com\/cat\/wp-content\/uploads\/sites\/2\/2022\/11\/separador-button.jpg 340w, https:\/\/www.separadorcarrilbici.com\/cat\/wp-content\/uploads\/sites\/2\/2022\/11\/separador-button-300x176.jpg 300w\" sizes=\"(max-width: 340px) 100vw, 340px\" \/><\/a>\t\t\t\t<\/div>\n\t\t\t\t<\/div>\n\t\t\t\t<div class=\"elementor-element elementor-element-6f4ce082 elementor-widget elementor-widget-text-editor\" data-id=\"6f4ce082\" data-element_type=\"widget\" data-widget_type=\"text-editor.default\">\n\t\t\t\t<div class=\"elementor-widget-container\">\n\t\t\t\t\t\t\t\t\t<p><strong>Separadors vials\u00a0button<\/strong>\u00a0en diversos colors que ofereixen una efectiva separaci\u00f3 entre el carril bici i els carrils adjacents en una via de circulaci\u00f3 de tr\u00e0nsit.<\/p>\t\t\t\t\t\t\t\t<\/div>\n\t\t\t\t<\/div>\n\t\t\t\t<div class=\"elementor-element elementor-element-7800dd1 elementor-align-justify elementor-widget elementor-widget-button\" data-id=\"7800dd1\" data-element_type=\"widget\" data-widget_type=\"button.default\">\n\t\t\t\t<div class=\"elementor-widget-container\">\n\t\t\t\t\t\t\t\t\t<div class=\"elementor-button-wrapper\">\n\t\t\t\t\t<a class=\"elementor-button elementor-button-link elementor-size-xs\" href=\"https:\/\/www.separadorcarrilbici.com\/cat\/separador-viari-button\/\">\n\t\t\t\t\t\t<span class=\"elementor-button-content-wrapper\">\n\t\t\t\t\t\t\t\t\t<span class=\"elementor-button-text\">M\u00e9s informaci\u00f3 Separador vi\u00e0ria Button<\/span>\n\t\t\t\t\t<\/span>\n\t\t\t\t\t<\/a>\n\t\t\t\t<\/div>\n\t\t\t\t\t\t\t\t<\/div>\n\t\t\t\t<\/div>\n\t\t\t\t<\/div>\n\t\t\t\t<\/div>\n\t\t<div class=\"elementor-element elementor-element-7eb4b759 e-con-full e-flex e-con e-child\" data-id=\"7eb4b759\" data-element_type=\"container\" id=\"sep-plastic\">\n\t\t<div class=\"elementor-element elementor-element-32730047 e-con-full e-flex e-con e-child\" data-id=\"32730047\" data-element_type=\"container\">\n\t\t<div class=\"elementor-element elementor-element-3b11aa7a e-con-full e-flex e-con e-child\" data-id=\"3b11aa7a\" data-element_type=\"container\">\n\t\t\t\t<div class=\"elementor-element elementor-element-61beb375 elementor-widget elementor-widget-heading\" data-id=\"61beb375\" data-element_type=\"widget\" data-widget_type=\"heading.default\">\n\t\t\t\t<div class=\"elementor-widget-container\">\n\t\t\t\t\t<h2 class=\"elementor-heading-title elementor-size-default\">\nSeparadors vials pl\u00e0stic<\/h2>\t\t\t\t<\/div>\n\t\t\t\t<\/div>\n\t\t\t\t<div class=\"elementor-element elementor-element-3e6d53ea elementor-widget elementor-widget-text-editor\" data-id=\"3e6d53ea\" data-element_type=\"widget\" data-widget_type=\"text-editor.default\">\n\t\t\t\t<div class=\"elementor-widget-container\">\n\t\t\t\t\t\t\t\t\t<p>Separadors vials de pl\u00e0stic ideals per a delimitar carrils bici i protegir els ciclistes.<\/p>\t\t\t\t\t\t\t\t<\/div>\n\t\t\t\t<\/div>\n\t\t\t\t<\/div>\n\t\t\t\t<\/div>\n\t\t<div class=\"elementor-element elementor-element-6bd0ae75 e-con-full e-flex e-con e-child\" data-id=\"6bd0ae75\" data-element_type=\"container\">\n\t\t\t\t<div class=\"elementor-element elementor-element-48535c8e elementor-widget elementor-widget-wp-widget-media_image\" data-id=\"48535c8e\" data-element_type=\"widget\" data-widget_type=\"wp-widget-media_image.default\">\n\t\t\t\t<div class=\"elementor-widget-container\">\n\t\t\t\t\t<a href=\"https:\/\/www.separadorcarrilbici.com\/cat\/separador-viari-piton\/\"><img loading=\"lazy\" decoding=\"async\" width=\"340\" height=\"200\" src=\"https:\/\/www.separadorcarrilbici.com\/cat\/wp-content\/uploads\/sites\/2\/2022\/11\/separador-piton.jpg\" class=\"image wp-image-823  attachment-full size-full\" alt=\"separador vial piton\" style=\"max-width: 100%; height: auto;\" title=\"separador vial piton\" srcset=\"https:\/\/www.separadorcarrilbici.com\/cat\/wp-content\/uploads\/sites\/2\/2022\/11\/separador-piton.jpg 340w, https:\/\/www.separadorcarrilbici.com\/cat\/wp-content\/uploads\/sites\/2\/2022\/11\/separador-piton-300x176.jpg 300w\" sizes=\"(max-width: 340px) 100vw, 340px\" \/><\/a>\t\t\t\t<\/div>\n\t\t\t\t<\/div>\n\t\t\t\t<div class=\"elementor-element elementor-element-50aae173 elementor-align-justify elementor-widget elementor-widget-button\" data-id=\"50aae173\" data-element_type=\"widget\" data-widget_type=\"button.default\">\n\t\t\t\t<div class=\"elementor-widget-container\">\n\t\t\t\t\t\t\t\t\t<div class=\"elementor-button-wrapper\">\n\t\t\t\t\t<a class=\"elementor-button elementor-button-link elementor-size-xs\" href=\"https:\/\/www.separadorcarrilbici.com\/cat\/separador-viari-piton\/\">\n\t\t\t\t\t\t<span class=\"elementor-button-content-wrapper\">\n\t\t\t\t\t\t\t\t\t<span class=\"elementor-button-text\">M\u00e9s informaci\u00f3 Separador viari Pit\u00f3n<\/span>\n\t\t\t\t\t<\/span>\n\t\t\t\t\t<\/a>\n\t\t\t\t<\/div>\n\t\t\t\t\t\t\t\t<\/div>\n\t\t\t\t<\/div>\n\t\t\t\t<div class=\"elementor-element elementor-element-7d51b650 elementor-widget elementor-widget-text-editor\" data-id=\"7d51b650\" data-element_type=\"widget\" data-widget_type=\"text-editor.default\">\n\t\t\t\t<div class=\"elementor-widget-container\">\n\t\t\t\t\t\t\t\t\t<p><strong>Separador viari Pit\u00f3n<\/strong> fabricat amb pl\u00e0stic reciclat i cintes reflectores per obtenin aix\u00ed gran visibilitat. Separador carril bici que proporciona una circulaci\u00f3 segura als ciclistes.<\/p>\t\t\t\t\t\t\t\t<\/div>\n\t\t\t\t<\/div>\n\t\t\t\t<\/div>\n\t\t<div class=\"elementor-element elementor-element-75420a34 e-con-full e-flex e-con e-child\" data-id=\"75420a34\" data-element_type=\"container\">\n\t\t\t\t<div class=\"elementor-element elementor-element-35779c41 elementor-widget elementor-widget-wp-widget-media_image\" data-id=\"35779c41\" data-element_type=\"widget\" data-widget_type=\"wp-widget-media_image.default\">\n\t\t\t\t<div class=\"elementor-widget-container\">\n\t\t\t\t\t<a href=\"https:\/\/www.separadorcarrilbici.com\/cat\/separador-viari-pantera\/\"><img loading=\"lazy\" decoding=\"async\" width=\"340\" height=\"200\" src=\"https:\/\/www.separadorcarrilbici.com\/cat\/wp-content\/uploads\/sites\/2\/2022\/11\/separador-pantera.jpg\" class=\"image wp-image-822  attachment-full size-full\" alt=\"separador vial pantera\" style=\"max-width: 100%; height: auto;\" title=\"separador vial pantera\" srcset=\"https:\/\/www.separadorcarrilbici.com\/cat\/wp-content\/uploads\/sites\/2\/2022\/11\/separador-pantera.jpg 340w, https:\/\/www.separadorcarrilbici.com\/cat\/wp-content\/uploads\/sites\/2\/2022\/11\/separador-pantera-300x176.jpg 300w\" sizes=\"(max-width: 340px) 100vw, 340px\" \/><\/a>\t\t\t\t<\/div>\n\t\t\t\t<\/div>\n\t\t\t\t<div class=\"elementor-element elementor-element-69df4ef elementor-widget elementor-widget-text-editor\" data-id=\"69df4ef\" data-element_type=\"widget\" data-widget_type=\"text-editor.default\">\n\t\t\t\t<div class=\"elementor-widget-container\">\n\t\t\t\t\t\t\t\t\t<p><strong>Separador vi\u00e0ria Pantera<\/strong> fabricat amb pl\u00e0stic reciclat. Separador carril bici que proporciona una circulaci\u00f3 segura als ciclistes. El disseny permet l&#8217;adaptaci\u00f3 a tot tipus de vies.<\/p>\t\t\t\t\t\t\t\t<\/div>\n\t\t\t\t<\/div>\n\t\t\t\t<div class=\"elementor-element elementor-element-7512930 elementor-align-justify elementor-widget elementor-widget-button\" data-id=\"7512930\" data-element_type=\"widget\" data-widget_type=\"button.default\">\n\t\t\t\t<div class=\"elementor-widget-container\">\n\t\t\t\t\t\t\t\t\t<div class=\"elementor-button-wrapper\">\n\t\t\t\t\t<a class=\"elementor-button elementor-button-link elementor-size-xs\" href=\"https:\/\/www.separadorcarrilbici.com\/cat\/separador-viari-pantera\/\">\n\t\t\t\t\t\t<span class=\"elementor-button-content-wrapper\">\n\t\t\t\t\t\t\t\t\t<span class=\"elementor-button-text\"> M\u00e9s informaci\u00f3 Separador vial Pantera<\/span>\n\t\t\t\t\t<\/span>\n\t\t\t\t\t<\/a>\n\t\t\t\t<\/div>\n\t\t\t\t\t\t\t\t<\/div>\n\t\t\t\t<\/div>\n\t\t\t\t<\/div>\n\t\t<div class=\"elementor-element elementor-element-5d43695 e-con-full e-flex e-con e-child\" data-id=\"5d43695\" data-element_type=\"container\">\n\t\t\t\t<div class=\"elementor-element elementor-element-3890dc3 elementor-widget elementor-widget-wp-widget-media_image\" data-id=\"3890dc3\" data-element_type=\"widget\" data-widget_type=\"wp-widget-media_image.default\">\n\t\t\t\t<div class=\"elementor-widget-container\">\n\t\t\t\t\t<a href=\"https:\/\/www.separadorcarrilbici.com\/cat\/separador-viari-snake\/\"><img loading=\"lazy\" decoding=\"async\" width=\"340\" height=\"200\" src=\"https:\/\/www.separadorcarrilbici.com\/cat\/wp-content\/uploads\/sites\/2\/2024\/05\/IMG_0903-1.jpg\" class=\"image wp-image-1203  attachment-full size-full\" alt=\"separador de pl\u00e0stic snake\" style=\"max-width: 100%; height: auto;\" title=\"separador de pl\u00e0stic snake\" srcset=\"https:\/\/www.separadorcarrilbici.com\/cat\/wp-content\/uploads\/sites\/2\/2024\/05\/IMG_0903-1.jpg 340w, https:\/\/www.separadorcarrilbici.com\/cat\/wp-content\/uploads\/sites\/2\/2024\/05\/IMG_0903-1-300x176.jpg 300w\" sizes=\"(max-width: 340px) 100vw, 340px\" \/><\/a>\t\t\t\t<\/div>\n\t\t\t\t<\/div>\n\t\t\t\t<div class=\"elementor-element elementor-element-129d6ae elementor-widget elementor-widget-text-editor\" data-id=\"129d6ae\" data-element_type=\"widget\" data-widget_type=\"text-editor.default\">\n\t\t\t\t<div class=\"elementor-widget-container\">\n\t\t\t\t\t\t\t\t\t<p><strong>Separador viari Snake<\/strong> fabricat amb pl\u00e0stic reciclat. Separador carril bici dissenyat per proporcionar una circulaci\u00f3 segura. Disseny que permet adaptaci\u00f3 a tota mena de vies.<\/p>\t\t\t\t\t\t\t\t<\/div>\n\t\t\t\t<\/div>\n\t\t\t\t<div class=\"elementor-element elementor-element-86bb095 elementor-align-justify elementor-widget elementor-widget-button\" data-id=\"86bb095\" data-element_type=\"widget\" data-widget_type=\"button.default\">\n\t\t\t\t<div class=\"elementor-widget-container\">\n\t\t\t\t\t\t\t\t\t<div class=\"elementor-button-wrapper\">\n\t\t\t\t\t<a class=\"elementor-button elementor-button-link elementor-size-xs\" href=\"https:\/\/www.separadorcarrilbici.com\/cat\/separador-viari-snake\/\">\n\t\t\t\t\t\t<span class=\"elementor-button-content-wrapper\">\n\t\t\t\t\t\t\t\t\t<span class=\"elementor-button-text\"> M\u00e9s informaci\u00f3 Separador vial Snake<\/span>\n\t\t\t\t\t<\/span>\n\t\t\t\t\t<\/a>\n\t\t\t\t<\/div>\n\t\t\t\t\t\t\t\t<\/div>\n\t\t\t\t<\/div>\n\t\t\t\t<\/div>\n\t\t<div class=\"elementor-element elementor-element-6aaa4ac e-con-full elementor-hidden-desktop elementor-hidden-tablet elementor-hidden-mobile e-flex e-con e-child\" data-id=\"6aaa4ac\" data-element_type=\"container\">\n\t\t\t\t<div class=\"elementor-element elementor-element-d8bdd3f elementor-widget elementor-widget-wp-widget-media_image\" data-id=\"d8bdd3f\" data-element_type=\"widget\" data-widget_type=\"wp-widget-media_image.default\">\n\t\t\t\t<div class=\"elementor-widget-container\">\n\t\t\t\t\t<a href=\"https:\/\/www.separadorcarrilbici.com\/cat\/separador-viari-gota\/\"><img loading=\"lazy\" decoding=\"async\" width=\"340\" height=\"200\" src=\"https:\/\/www.separadorcarrilbici.com\/cat\/wp-content\/uploads\/sites\/2\/2024\/05\/gota-instalado-2.jpg\" class=\"image wp-image-1260  attachment-full size-full\" alt=\"\" style=\"max-width: 100%; height: auto;\" title=\"separador viari gota de pl\u00e0stic\" srcset=\"https:\/\/www.separadorcarrilbici.com\/cat\/wp-content\/uploads\/sites\/2\/2024\/05\/gota-instalado-2.jpg 340w, https:\/\/www.separadorcarrilbici.com\/cat\/wp-content\/uploads\/sites\/2\/2024\/05\/gota-instalado-2-300x176.jpg 300w\" sizes=\"(max-width: 340px) 100vw, 340px\" \/><\/a>\t\t\t\t<\/div>\n\t\t\t\t<\/div>\n\t\t\t\t<div class=\"elementor-element elementor-element-d0466c4 elementor-align-justify elementor-widget elementor-widget-button\" data-id=\"d0466c4\" data-element_type=\"widget\" data-widget_type=\"button.default\">\n\t\t\t\t<div class=\"elementor-widget-container\">\n\t\t\t\t\t\t\t\t\t<div class=\"elementor-button-wrapper\">\n\t\t\t\t\t<a class=\"elementor-button elementor-button-link elementor-size-xs\" href=\"https:\/\/www.separadorcarrilbici.com\/cat\/separador-viari-gota\/\">\n\t\t\t\t\t\t<span class=\"elementor-button-content-wrapper\">\n\t\t\t\t\t\t\t\t\t<span class=\"elementor-button-text\"> M\u00e9s informaci\u00f3 Separador vial Gota<\/span>\n\t\t\t\t\t<\/span>\n\t\t\t\t\t<\/a>\n\t\t\t\t<\/div>\n\t\t\t\t\t\t\t\t<\/div>\n\t\t\t\t<\/div>\n\t\t\t\t<div class=\"elementor-element elementor-element-296add3 elementor-widget elementor-widget-text-editor\" data-id=\"296add3\" data-element_type=\"widget\" data-widget_type=\"text-editor.default\">\n\t\t\t\t<div class=\"elementor-widget-container\">\n\t\t\t\t\t\t\t\t\t<p><b>Separador vial Gota <\/b>fabricat amb pl\u00e0stic reciclat. Separador carril bici per proporcionar una circulaci\u00f3 segura per els ciclistes. Disseny que permet la adaptaci\u00f3<\/p>\t\t\t\t\t\t\t\t<\/div>\n\t\t\t\t<\/div>\n\t\t\t\t<\/div>\n\t\t<div class=\"elementor-element elementor-element-89f65c6 e-con-full e-flex e-con e-child\" data-id=\"89f65c6\" data-element_type=\"container\">\n\t\t\t\t<\/div>\n\t\t\t\t<\/div>\n\t\t\t\t\t<\/div>\n\t\t\t\t<\/div>\n\t\t<div class=\"elementor-element elementor-element-3ed1fe22 e-flex e-con-boxed e-con e-parent\" data-id=\"3ed1fe22\" data-element_type=\"container\">\n\t\t\t\t\t<div class=\"e-con-inner\">\n\t\t<div class=\"elementor-element elementor-element-27f80a8d e-con-full e-flex e-con e-child\" data-id=\"27f80a8d\" data-element_type=\"container\">\n\t\t<div class=\"elementor-element elementor-element-250299d5 e-con-full e-flex e-con e-child\" data-id=\"250299d5\" data-element_type=\"container\">\n\t\t\t\t<div class=\"elementor-element elementor-element-345f7258 elementor-widget-divider--view-line elementor-widget elementor-widget-divider\" data-id=\"345f7258\" data-element_type=\"widget\" data-widget_type=\"divider.default\">\n\t\t\t\t<div class=\"elementor-widget-container\">\n\t\t\t\t\t\t\t<div class=\"elementor-divider\">\n\t\t\t<span class=\"elementor-divider-separator\">\n\t\t\t\t\t\t<\/span>\n\t\t<\/div>\n\t\t\t\t\t\t<\/div>\n\t\t\t\t<\/div>\n\t\t\t\t<\/div>\n\t\t<div class=\"elementor-element elementor-element-4d2dc4d6 e-con-full e-flex e-con e-child\" data-id=\"4d2dc4d6\" data-element_type=\"container\">\n\t\t\t\t<div class=\"elementor-element elementor-element-49bab7c7 elementor-widget elementor-widget-wp-widget-media_image\" data-id=\"49bab7c7\" data-element_type=\"widget\" data-widget_type=\"wp-widget-media_image.default\">\n\t\t\t\t<div class=\"elementor-widget-container\">\n\t\t\t\t\t<img loading=\"lazy\" decoding=\"async\" class=\"image \" src=\"https:\/\/www.separadorcarrilbici.com\/wp-content\/uploads\/2022\/11\/pilonas-flexibles-carril-bici.jpg\" alt=\"pilonas flexibles carril bici\" width=\"680\" height=\"500\" \/>\t\t\t\t<\/div>\n\t\t\t\t<\/div>\n\t\t\t\t<\/div>\n\t\t<div class=\"elementor-element elementor-element-6ca42aec e-con-full e-flex e-con e-child\" data-id=\"6ca42aec\" data-element_type=\"container\">\n\t\t\t\t<div class=\"elementor-element elementor-element-41cbf990 elementor-widget elementor-widget-heading\" data-id=\"41cbf990\" data-element_type=\"widget\" data-widget_type=\"heading.default\">\n\t\t\t\t<div class=\"elementor-widget-container\">\n\t\t\t\t\t<h3 class=\"elementor-heading-title elementor-size-default\">\nPilonas flexibles per a carril bici \u200b<\/h3>\t\t\t\t<\/div>\n\t\t\t\t<\/div>\n\t\t\t\t<div class=\"elementor-element elementor-element-74a1c8a2 elementor-widget elementor-widget-text-editor\" data-id=\"74a1c8a2\" data-element_type=\"widget\" data-widget_type=\"text-editor.default\">\n\t\t\t\t<div class=\"elementor-widget-container\">\n\t\t\t\t\t\t\t\t\t<p>Pilonas flexibles de doble tira per a carril bici, despr\u00e9s de rebre un impacte tornen a la seva forma i posici\u00f3 original sense que aquestes es deformin. Les nostres pilonas flexibles per a carril bici s\u00f3n ideals per a ser combinades amb separadors vials i aix\u00ed oferir als ciclistes i els vianants una major seguretat.<br \/><br \/>Pilones separadores de carril bici 100% reciclables amb gran resist\u00e8ncia a olis, greixos i nombrosos dissolvents. Les nostres pilones tenen alta resist\u00e8ncia a les altes temperatures, a l&#8217;abrasi\u00f3&#8230;\u00a0<br \/><br \/>Pilones flexibles per a carril bici consten de dues bandes reflectores de nivell II amb doble fresat, proporcionant aix\u00ed una major i millor visibilitat.<\/p>\t\t\t\t\t\t\t\t<\/div>\n\t\t\t\t<\/div>\n\t\t\t\t<div class=\"elementor-element elementor-element-d26925c elementor-align-left elementor-widget elementor-widget-button\" data-id=\"d26925c\" data-element_type=\"widget\" data-widget_type=\"button.default\">\n\t\t\t\t<div class=\"elementor-widget-container\">\n\t\t\t\t\t\t\t\t\t<div class=\"elementor-button-wrapper\">\n\t\t\t\t\t<a class=\"elementor-button elementor-button-link elementor-size-xs\" href=\"https:\/\/www.separadorcarrilbici.com\/cat\/pilones-flexibles-per-carril-bici\/\">\n\t\t\t\t\t\t<span class=\"elementor-button-content-wrapper\">\n\t\t\t\t\t\t\t\t\t<span class=\"elementor-button-text\">M\u00e9s informaci\u00f3 Pilonas Flexibles carril bici<\/span>\n\t\t\t\t\t<\/span>\n\t\t\t\t\t<\/a>\n\t\t\t\t<\/div>\n\t\t\t\t\t\t\t\t<\/div>\n\t\t\t\t<\/div>\n\t\t\t\t<\/div>\n\t\t\t\t<\/div>\n\t\t\t\t\t<\/div>\n\t\t\t\t<\/div>\n\t\t<div class=\"elementor-element elementor-element-eecb892 e-flex e-con-boxed e-con e-parent\" data-id=\"eecb892\" data-element_type=\"container\">\n\t\t\t\t\t<div class=\"e-con-inner\">\n\t\t\t\t<div class=\"elementor-element elementor-element-6cde85a elementor-widget elementor-widget-text-editor\" data-id=\"6cde85a\" data-element_type=\"widget\" data-widget_type=\"text-editor.default\">\n\t\t\t\t<div class=\"elementor-widget-container\">\n\t\t\t\t\t\t\t\t\t<p>Som experts en la fabricaci\u00f3 i instal\u00b7laci\u00f3 de mobiliari urb\u00e0 adaptat a la mobilitat sostenible. Fabriquem i dissenyem separadors vials de cautx\u00fa i separadors de carril bici en pl\u00e0stic, destinats a protegir els ciclistes i els vianants.<br \/>Comptem amb un departament t\u00e8cnic especialitzat en mobiliari urb\u00e0 per a carrils bici. Consulti ens qualsevol dubte i l&#8217;ajudarem a seleccionar el producte que m\u00e9s s&#8217;adapti a les seves necessitats.<\/p>\t\t\t\t\t\t\t\t<\/div>\n\t\t\t\t<\/div>\n\t\t\t\t\t<\/div>\n\t\t\t\t<\/div>\n\t\t\t\t<\/div>\n\t\t","protected":false},"excerpt":{"rendered":"<p>Investigaci\u00f3Invertim cont\u00ednuament en desenvolupament de nous productes per a millorar el transport amb bicicleta. Planeta netEns agraden les ciutats lliures de fums i contaminaci\u00f3. Pensem en els ciclistesBusquem sempre la circulaci\u00f3 m\u00e9s segura per als ciclistes. Seguretat de ciclistesSeparadors vials amb alta visibilitat. Impacte mediambientalProductes fabricats amb cautx\u00fa totalment reciclable. Previous slide Next slide Els [&hellip;]<\/p>\n","protected":false},"author":1,"featured_media":0,"parent":0,"menu_order":0,"comment_status":"closed","ping_status":"closed","template":"","meta":{"site-sidebar-layout":"no-sidebar","site-content-layout":"page-builder","ast-site-content-layout":"default","site-content-style":"default","site-sidebar-style":"default","ast-global-header-display":"","ast-banner-title-visibility":"","ast-main-header-display":"","ast-hfb-above-header-display":"","ast-hfb-below-header-display":"","ast-hfb-mobile-header-display":"","site-post-title":"disabled","ast-breadcrumbs-content":"","ast-featured-img":"disabled","footer-sml-layout":"","ast-disable-related-posts":"","theme-transparent-header-meta":"","adv-header-id-meta":"","stick-header-meta":"","header-above-stick-meta":"","header-main-stick-meta":"","header-below-stick-meta":"","astra-migrate-meta-layouts":"default","ast-page-background-enabled":"default","ast-page-background-meta":{"desktop":{"background-color":"var(--ast-global-color-4)","background-image":"","background-repeat":"repeat","background-position":"center center","background-size":"auto","background-attachment":"scroll","background-type":"","background-media":"","overlay-type":"","overlay-color":"","overlay-opacity":"","overlay-gradient":""},"tablet":{"background-color":"","background-image":"","background-repeat":"repeat","background-position":"center center","background-size":"auto","background-attachment":"scroll","background-type":"","background-media":"","overlay-type":"","overlay-color":"","overlay-opacity":"","overlay-gradient":""},"mobile":{"background-color":"","background-image":"","background-repeat":"repeat","background-position":"center center","background-size":"auto","background-attachment":"scroll","background-type":"","background-media":"","overlay-type":"","overlay-color":"","overlay-opacity":"","overlay-gradient":""}},"ast-content-background-meta":{"desktop":{"background-color":"var(--ast-global-color-5)","background-image":"","background-repeat":"repeat","background-position":"center center","background-size":"auto","background-attachment":"scroll","background-type":"","background-media":"","overlay-type":"","overlay-color":"","overlay-opacity":"","overlay-gradient":""},"tablet":{"background-color":"var(--ast-global-color-5)","background-image":"","background-repeat":"repeat","background-position":"center center","background-size":"auto","background-attachment":"scroll","background-type":"","background-media":"","overlay-type":"","overlay-color":"","overlay-opacity":"","overlay-gradient":""},"mobile":{"background-color":"var(--ast-global-color-5)","background-image":"","background-repeat":"repeat","background-position":"center center","background-size":"auto","background-attachment":"scroll","background-type":"","background-media":"","overlay-type":"","overlay-color":"","overlay-opacity":"","overlay-gradient":""}},"footnotes":""},"yoast_head":"<!-- This site is optimized with the Yoast SEO plugin v24.5 - https:\/\/yoast.com\/wordpress\/plugins\/seo\/ -->\n<title>Separadors carril bici - Separadors carrils bici<\/title>\n<meta name=\"description\" content=\"Experts en la fabricaci\u00f3 i la instal\u00b7laci\u00f3 de separadors carril bici. Separadors de cautx\u00fa per carrils bici i protegir ciclistes.\" \/>\n<meta name=\"robots\" content=\"index, follow, max-snippet:-1, max-image-preview:large, max-video-preview:-1\" \/>\n<link rel=\"canonical\" href=\"https:\/\/www.separadorcarrilbici.com\/cat\/\" \/>\n<meta property=\"og:locale\" content=\"ca_ES\" \/>\n<meta property=\"og:type\" content=\"article\" \/>\n<meta property=\"og:title\" content=\"Separadors carril bici - Separadors carrils bici\" \/>\n<meta property=\"og:description\" content=\"Experts en la fabricaci\u00f3 i la instal\u00b7laci\u00f3 de separadors carril bici. Separadors de cautx\u00fa per carrils bici i protegir ciclistes.\" \/>\n<meta property=\"og:url\" content=\"https:\/\/www.separadorcarrilbici.com\/cat\/\" \/>\n<meta property=\"og:site_name\" content=\"Separadors carrils bici\" \/>\n<meta property=\"article:modified_time\" content=\"2024-05-13T13:38:58+00:00\" \/>\n<meta name=\"twitter:card\" content=\"summary_large_image\" \/>\n<meta name=\"twitter:label1\" content=\"Temps estimat de lectura\" \/>\n\t<meta name=\"twitter:data1\" content=\"8 minuts\" \/>\n<script type=\"application\/ld+json\" class=\"yoast-schema-graph\">{\"@context\":\"https:\/\/schema.org\",\"@graph\":[{\"@type\":\"WebPage\",\"@id\":\"https:\/\/www.separadorcarrilbici.com\/cat\/\",\"url\":\"https:\/\/www.separadorcarrilbici.com\/cat\/\",\"name\":\"Separadors carril bici - Separadors carrils bici\",\"isPartOf\":{\"@id\":\"https:\/\/www.separadorcarrilbici.com\/cat\/#website\"},\"datePublished\":\"2022-11-15T16:48:10+00:00\",\"dateModified\":\"2024-05-13T13:38:58+00:00\",\"description\":\"Experts en la fabricaci\u00f3 i la instal\u00b7laci\u00f3 de separadors carril bici. Separadors de cautx\u00fa per carrils bici i protegir ciclistes.\",\"breadcrumb\":{\"@id\":\"https:\/\/www.separadorcarrilbici.com\/cat\/#breadcrumb\"},\"inLanguage\":\"ca\",\"potentialAction\":[{\"@type\":\"ReadAction\",\"target\":[\"https:\/\/www.separadorcarrilbici.com\/cat\/\"]}]},{\"@type\":\"BreadcrumbList\",\"@id\":\"https:\/\/www.separadorcarrilbici.com\/cat\/#breadcrumb\",\"itemListElement\":[{\"@type\":\"ListItem\",\"position\":1,\"name\":\"Inici\",\"item\":\"https:\/\/www.separadorcarrilbici.com\/cat\/\"},{\"@type\":\"ListItem\",\"position\":2,\"name\":\"Separadors carril bici\"}]},{\"@type\":\"WebSite\",\"@id\":\"https:\/\/www.separadorcarrilbici.com\/cat\/#website\",\"url\":\"https:\/\/www.separadorcarrilbici.com\/cat\/\",\"name\":\"Separadors carrils bici\",\"description\":\"Fabricants de separadors vials per carrils bici\",\"potentialAction\":[{\"@type\":\"SearchAction\",\"target\":{\"@type\":\"EntryPoint\",\"urlTemplate\":\"https:\/\/www.separadorcarrilbici.com\/cat\/?s={search_term_string}\"},\"query-input\":{\"@type\":\"PropertyValueSpecification\",\"valueRequired\":true,\"valueName\":\"search_term_string\"}}],\"inLanguage\":\"ca\"}]}<\/script>\n<!-- \/ Yoast SEO plugin. -->","yoast_head_json":{"title":"Separadors carril bici - Separadors carrils bici","description":"Experts en la fabricaci\u00f3 i la instal\u00b7laci\u00f3 de separadors carril bici. Separadors de cautx\u00fa per carrils bici i protegir ciclistes.","robots":{"index":"index","follow":"follow","max-snippet":"max-snippet:-1","max-image-preview":"max-image-preview:large","max-video-preview":"max-video-preview:-1"},"canonical":"https:\/\/www.separadorcarrilbici.com\/cat\/","og_locale":"ca_ES","og_type":"article","og_title":"Separadors carril bici - Separadors carrils bici","og_description":"Experts en la fabricaci\u00f3 i la instal\u00b7laci\u00f3 de separadors carril bici. Separadors de cautx\u00fa per carrils bici i protegir ciclistes.","og_url":"https:\/\/www.separadorcarrilbici.com\/cat\/","og_site_name":"Separadors carrils bici","article_modified_time":"2024-05-13T13:38:58+00:00","twitter_card":"summary_large_image","twitter_misc":{"Temps estimat de lectura":"8 minuts"},"schema":{"@context":"https:\/\/schema.org","@graph":[{"@type":"WebPage","@id":"https:\/\/www.separadorcarrilbici.com\/cat\/","url":"https:\/\/www.separadorcarrilbici.com\/cat\/","name":"Separadors carril bici - Separadors carrils bici","isPartOf":{"@id":"https:\/\/www.separadorcarrilbici.com\/cat\/#website"},"datePublished":"2022-11-15T16:48:10+00:00","dateModified":"2024-05-13T13:38:58+00:00","description":"Experts en la fabricaci\u00f3 i la instal\u00b7laci\u00f3 de separadors carril bici. Separadors de cautx\u00fa per carrils bici i protegir ciclistes.","breadcrumb":{"@id":"https:\/\/www.separadorcarrilbici.com\/cat\/#breadcrumb"},"inLanguage":"ca","potentialAction":[{"@type":"ReadAction","target":["https:\/\/www.separadorcarrilbici.com\/cat\/"]}]},{"@type":"BreadcrumbList","@id":"https:\/\/www.separadorcarrilbici.com\/cat\/#breadcrumb","itemListElement":[{"@type":"ListItem","position":1,"name":"Inici","item":"https:\/\/www.separadorcarrilbici.com\/cat\/"},{"@type":"ListItem","position":2,"name":"Separadors carril bici"}]},{"@type":"WebSite","@id":"https:\/\/www.separadorcarrilbici.com\/cat\/#website","url":"https:\/\/www.separadorcarrilbici.com\/cat\/","name":"Separadors carrils bici","description":"Fabricants de separadors vials per carrils bici","potentialAction":[{"@type":"SearchAction","target":{"@type":"EntryPoint","urlTemplate":"https:\/\/www.separadorcarrilbici.com\/cat\/?s={search_term_string}"},"query-input":{"@type":"PropertyValueSpecification","valueRequired":true,"valueName":"search_term_string"}}],"inLanguage":"ca"}]}},"_links":{"self":[{"href":"https:\/\/www.separadorcarrilbici.com\/cat\/wp-json\/wp\/v2\/pages\/8"}],"collection":[{"href":"https:\/\/www.separadorcarrilbici.com\/cat\/wp-json\/wp\/v2\/pages"}],"about":[{"href":"https:\/\/www.separadorcarrilbici.com\/cat\/wp-json\/wp\/v2\/types\/page"}],"author":[{"embeddable":true,"href":"https:\/\/www.separadorcarrilbici.com\/cat\/wp-json\/wp\/v2\/users\/1"}],"replies":[{"embeddable":true,"href":"https:\/\/www.separadorcarrilbici.com\/cat\/wp-json\/wp\/v2\/comments?post=8"}],"version-history":[{"count":157,"href":"https:\/\/www.separadorcarrilbici.com\/cat\/wp-json\/wp\/v2\/pages\/8\/revisions"}],"predecessor-version":[{"id":1266,"href":"https:\/\/www.separadorcarrilbici.com\/cat\/wp-json\/wp\/v2\/pages\/8\/revisions\/1266"}],"wp:attachment":[{"href":"https:\/\/www.separadorcarrilbici.com\/cat\/wp-json\/wp\/v2\/media?parent=8"}],"curies":[{"name":"wp","href":"https:\/\/api.w.org\/{rel}","templated":true}]}}