{"id":1134,"date":"2022-11-22T16:08:21","date_gmt":"2022-11-22T16:08:21","guid":{"rendered":"https:\/\/www.separadorcarrilbici.com\/cat\/?page_id=1134"},"modified":"2024-05-10T13:40:30","modified_gmt":"2024-05-10T13:40:30","slug":"pilones-flexibles-per-carril-bici","status":"publish","type":"page","link":"https:\/\/www.separadorcarrilbici.com\/cat\/pilones-flexibles-per-carril-bici\/","title":{"rendered":"Pilones flexibles per carril bici"},"content":{"rendered":"\t\t<div data-elementor-type=\"wp-page\" data-elementor-id=\"1134\" class=\"elementor elementor-1134\">\n\t\t\t\t<div class=\"elementor-element elementor-element-5c36c44b e-flex e-con-boxed e-con e-parent\" data-id=\"5c36c44b\" data-element_type=\"container\">\n\t\t\t\t\t<div class=\"e-con-inner\">\n\t\t<div class=\"elementor-element elementor-element-2759b0cf e-con-full e-flex e-con e-child\" data-id=\"2759b0cf\" data-element_type=\"container\">\n\t\t\t\t<\/div>\n\t\t<div class=\"elementor-element elementor-element-61df8ade e-con-full e-flex e-con e-child\" data-id=\"61df8ade\" data-element_type=\"container\">\n\t\t\t\t<\/div>\n\t\t<div class=\"elementor-element elementor-element-2f9d599d e-con-full e-flex e-con e-child\" data-id=\"2f9d599d\" data-element_type=\"container\">\n\t\t\t\t<div class=\"elementor-element elementor-element-58d51a55 elementor-widget elementor-widget-text-editor\" data-id=\"58d51a55\" data-element_type=\"widget\" data-widget_type=\"text-editor.default\">\n\t\t\t\t<div class=\"elementor-widget-container\">\n\t\t\t\t\t\t\t\t\t<p><b>Pilones flexible carril bici<\/b> amb doble fresat i dues tires reflectores per a millorar la visibilitat. Proporcionem pilones flexibles A-<span class=\"hiddenSpellError\">Flex<\/span>\u00a0de color granat en \u00f8 100 o en \u00f8 80 per a instal\u00b7lar al costat dels nostres separadors vials i millorar la visibilitat.<\/p><p>Fabriquem i dissenyem pilones flexibles per a encastar a s\u00f2l, amb placa, per a caragolar o extra\u00efbles, que despr\u00e9s de rebre un impacte tornen a la seva posici\u00f3 original sense ser deformades.<\/p><p>Pilones flexibles 100% reciclables, sense necessitat de manteniment, ideals per a la separaci\u00f3 de carrils viaris.<\/p>\t\t\t\t\t\t\t\t<\/div>\n\t\t\t\t<\/div>\n\t\t\t\t<\/div>\n\t\t<div class=\"elementor-element elementor-element-63df7cad e-con-full e-flex e-con e-child\" data-id=\"63df7cad\" data-element_type=\"container\">\n\t\t\t\t<div class=\"elementor-element elementor-element-333caba4 elementor-widget elementor-widget-wp-widget-media_image\" data-id=\"333caba4\" data-element_type=\"widget\" data-widget_type=\"wp-widget-media_image.default\">\n\t\t\t\t<div class=\"elementor-widget-container\">\n\t\t\t\t\t<img fetchpriority=\"high\" decoding=\"async\" width=\"680\" height=\"500\" src=\"https:\/\/www.separadorcarrilbici.com\/cat\/wp-content\/uploads\/sites\/2\/2024\/05\/pilonasflexibles-carrilbici.jpg\" class=\"image wp-image-1246  attachment-full size-full\" alt=\"\" style=\"max-width: 100%; height: auto;\" title=\"pilones flexibles carril bici\" srcset=\"https:\/\/www.separadorcarrilbici.com\/cat\/wp-content\/uploads\/sites\/2\/2024\/05\/pilonasflexibles-carrilbici.jpg 680w, https:\/\/www.separadorcarrilbici.com\/cat\/wp-content\/uploads\/sites\/2\/2024\/05\/pilonasflexibles-carrilbici-300x221.jpg 300w\" sizes=\"(max-width: 680px) 100vw, 680px\" \/>\t\t\t\t<\/div>\n\t\t\t\t<\/div>\n\t\t\t\t<\/div>\n\t\t\t\t\t<\/div>\n\t\t\t\t<\/div>\n\t\t<div class=\"elementor-element elementor-element-4822531d e-flex e-con-boxed e-con e-parent\" data-id=\"4822531d\" data-element_type=\"container\">\n\t\t\t\t\t<div class=\"e-con-inner\">\n\t\t<div class=\"elementor-element elementor-element-ab2e566 e-con-full e-flex e-con e-child\" data-id=\"ab2e566\" data-element_type=\"container\">\n\t\t\t\t<div class=\"elementor-element elementor-element-3bc57ff5 elementor-widget elementor-widget-wp-widget-media_image\" data-id=\"3bc57ff5\" data-element_type=\"widget\" data-widget_type=\"wp-widget-media_image.default\">\n\t\t\t\t<div class=\"elementor-widget-container\">\n\t\t\t\t\t<img decoding=\"async\" width=\"450\" height=\"250\" src=\"https:\/\/www.separadorcarrilbici.com\/cat\/wp-content\/uploads\/sites\/2\/2022\/11\/mompe-instalado-3.jpg\" class=\"image wp-image-816  attachment-full size-full\" alt=\"pilonas flexibles instal\u00b7lades\" style=\"max-width: 100%; height: auto;\" title=\"pilonas flexibles instal\u00b7lades\" srcset=\"https:\/\/www.separadorcarrilbici.com\/cat\/wp-content\/uploads\/sites\/2\/2022\/11\/mompe-instalado-3.jpg 450w, https:\/\/www.separadorcarrilbici.com\/cat\/wp-content\/uploads\/sites\/2\/2022\/11\/mompe-instalado-3-300x167.jpg 300w\" sizes=\"(max-width: 450px) 100vw, 450px\" \/>\t\t\t\t<\/div>\n\t\t\t\t<\/div>\n\t\t\t\t<\/div>\n\t\t<div class=\"elementor-element elementor-element-1dc962da e-con-full elementor-hidden-mobile e-flex e-con e-child\" data-id=\"1dc962da\" data-element_type=\"container\">\n\t\t\t\t<div class=\"elementor-element elementor-element-51baf580 elementor-widget elementor-widget-wp-widget-media_image\" data-id=\"51baf580\" data-element_type=\"widget\" data-widget_type=\"wp-widget-media_image.default\">\n\t\t\t\t<div class=\"elementor-widget-container\">\n\t\t\t\t\t<img decoding=\"async\" width=\"450\" height=\"250\" src=\"https:\/\/www.separadorcarrilbici.com\/cat\/wp-content\/uploads\/sites\/2\/2022\/11\/mompe-instalado-2.jpg\" class=\"image wp-image-817  attachment-full size-full\" alt=\"\" style=\"max-width: 100%; height: auto;\" title=\"pilonas flexibles instal\u00b7lades en barcelona\" srcset=\"https:\/\/www.separadorcarrilbici.com\/cat\/wp-content\/uploads\/sites\/2\/2022\/11\/mompe-instalado-2.jpg 450w, https:\/\/www.separadorcarrilbici.com\/cat\/wp-content\/uploads\/sites\/2\/2022\/11\/mompe-instalado-2-300x167.jpg 300w\" sizes=\"(max-width: 450px) 100vw, 450px\" \/>\t\t\t\t<\/div>\n\t\t\t\t<\/div>\n\t\t\t\t<\/div>\n\t\t<div class=\"elementor-element elementor-element-51745350 e-con-full elementor-hidden-mobile e-flex e-con e-child\" data-id=\"51745350\" data-element_type=\"container\">\n\t\t\t\t<div class=\"elementor-element elementor-element-67a97985 elementor-widget elementor-widget-wp-widget-media_image\" data-id=\"67a97985\" data-element_type=\"widget\" data-widget_type=\"wp-widget-media_image.default\">\n\t\t\t\t<div class=\"elementor-widget-container\">\n\t\t\t\t\t<img loading=\"lazy\" decoding=\"async\" width=\"450\" height=\"250\" src=\"https:\/\/www.separadorcarrilbici.com\/cat\/wp-content\/uploads\/sites\/2\/2022\/11\/pilonasflexibles-instaladai.jpg\" class=\"image wp-image-770  attachment-full size-full\" alt=\"pilones flexibles instal\u00b7lades en barcelona\" style=\"max-width: 100%; height: auto;\" title=\"pilones flexibles instal\u00b7lades en barcelona\" srcset=\"https:\/\/www.separadorcarrilbici.com\/cat\/wp-content\/uploads\/sites\/2\/2022\/11\/pilonasflexibles-instaladai.jpg 450w, https:\/\/www.separadorcarrilbici.com\/cat\/wp-content\/uploads\/sites\/2\/2022\/11\/pilonasflexibles-instaladai-300x167.jpg 300w\" sizes=\"(max-width: 450px) 100vw, 450px\" \/>\t\t\t\t<\/div>\n\t\t\t\t<\/div>\n\t\t\t\t<\/div>\n\t\t\t\t\t<\/div>\n\t\t\t\t<\/div>\n\t\t<div class=\"elementor-element elementor-element-4c2617e3 e-flex e-con-boxed e-con e-parent\" data-id=\"4c2617e3\" data-element_type=\"container\">\n\t\t\t\t\t<div class=\"e-con-inner\">\n\t\t<div class=\"elementor-element elementor-element-23fba4c4 e-con-full e-flex e-con e-child\" data-id=\"23fba4c4\" data-element_type=\"container\">\n\t\t\t\t<div class=\"elementor-element elementor-element-13847b05 elementor-widget elementor-widget-text-editor\" data-id=\"13847b05\" data-element_type=\"widget\" data-widget_type=\"text-editor.default\">\n\t\t\t\t<div class=\"elementor-widget-container\">\n\t\t\t\t\t\t\t\t\t<p>Som experts en la fabricaci\u00f3 i la instal\u00b7laci\u00f3 de separadors vials per a carrils bici. Comptem amb un departament t\u00e8cnic per a assessorar els nostres clients sobre els nostres productes i adaptar-nos a les seves necessitats. Fabricants de separadors vials de cautx\u00fa i instal\u00b7ladors de separadors carril bici.<\/p>\t\t\t\t\t\t\t\t<\/div>\n\t\t\t\t<\/div>\n\t\t\t\t<\/div>\n\t\t\t\t\t<\/div>\n\t\t\t\t<\/div>\n\t\t\t\t<\/div>\n\t\t","protected":false},"excerpt":{"rendered":"<p>Pilones flexible carril bici amb doble fresat i dues tires reflectores per a millorar la visibilitat. Proporcionem pilones flexibles A-Flex\u00a0de color granat en \u00f8 100 o en \u00f8 80 per a instal\u00b7lar al costat dels nostres separadors vials i millorar la visibilitat. Fabriquem i dissenyem pilones flexibles per a encastar a s\u00f2l, amb placa, per [&hellip;]<\/p>\n","protected":false},"author":1,"featured_media":0,"parent":0,"menu_order":0,"comment_status":"closed","ping_status":"closed","template":"","meta":{"site-sidebar-layout":"no-sidebar","site-content-layout":"page-builder","ast-site-content-layout":"default","site-content-style":"default","site-sidebar-style":"default","ast-global-header-display":"","ast-banner-title-visibility":"","ast-main-header-display":"","ast-hfb-above-header-display":"","ast-hfb-below-header-display":"","ast-hfb-mobile-header-display":"","site-post-title":"disabled","ast-breadcrumbs-content":"","ast-featured-img":"disabled","footer-sml-layout":"","ast-disable-related-posts":"","theme-transparent-header-meta":"","adv-header-id-meta":"","stick-header-meta":"","header-above-stick-meta":"","header-main-stick-meta":"","header-below-stick-meta":"","astra-migrate-meta-layouts":"default","ast-page-background-enabled":"default","ast-page-background-meta":{"desktop":{"background-color":"var(--ast-global-color-4)","background-image":"","background-repeat":"repeat","background-position":"center center","background-size":"auto","background-attachment":"scroll","background-type":"","background-media":"","overlay-type":"","overlay-color":"","overlay-opacity":"","overlay-gradient":""},"tablet":{"background-color":"","background-image":"","background-repeat":"repeat","background-position":"center center","background-size":"auto","background-attachment":"scroll","background-type":"","background-media":"","overlay-type":"","overlay-color":"","overlay-opacity":"","overlay-gradient":""},"mobile":{"background-color":"","background-image":"","background-repeat":"repeat","background-position":"center center","background-size":"auto","background-attachment":"scroll","background-type":"","background-media":"","overlay-type":"","overlay-color":"","overlay-opacity":"","overlay-gradient":""}},"ast-content-background-meta":{"desktop":{"background-color":"var(--ast-global-color-5)","background-image":"","background-repeat":"repeat","background-position":"center center","background-size":"auto","background-attachment":"scroll","background-type":"","background-media":"","overlay-type":"","overlay-color":"","overlay-opacity":"","overlay-gradient":""},"tablet":{"background-color":"var(--ast-global-color-5)","background-image":"","background-repeat":"repeat","background-position":"center center","background-size":"auto","background-attachment":"scroll","background-type":"","background-media":"","overlay-type":"","overlay-color":"","overlay-opacity":"","overlay-gradient":""},"mobile":{"background-color":"var(--ast-global-color-5)","background-image":"","background-repeat":"repeat","background-position":"center center","background-size":"auto","background-attachment":"scroll","background-type":"","background-media":"","overlay-type":"","overlay-color":"","overlay-opacity":"","overlay-gradient":""}},"footnotes":""},"yoast_head":"<!-- This site is optimized with the Yoast SEO plugin v24.5 - https:\/\/yoast.com\/wordpress\/plugins\/seo\/ -->\n<title>Pilones flexibles per carril bici - Separadors carrils bici<\/title>\n<meta name=\"description\" content=\"Fabricants i instal\u00b7ladors de pilonas flexibles de carril bici ideals per a instal\u00b7lar al costat dels nostres separadors vials de carril bici.\" \/>\n<meta name=\"robots\" content=\"index, follow, max-snippet:-1, max-image-preview:large, max-video-preview:-1\" \/>\n<link rel=\"canonical\" href=\"https:\/\/www.separadorcarrilbici.com\/cat\/pilones-flexibles-per-carril-bici\/\" \/>\n<meta property=\"og:locale\" content=\"ca_ES\" \/>\n<meta property=\"og:type\" content=\"article\" \/>\n<meta property=\"og:title\" content=\"Pilones flexibles per carril bici - Separadors carrils bici\" \/>\n<meta property=\"og:description\" content=\"Fabricants i instal\u00b7ladors de pilonas flexibles de carril bici ideals per a instal\u00b7lar al costat dels nostres separadors vials de carril bici.\" \/>\n<meta property=\"og:url\" content=\"https:\/\/www.separadorcarrilbici.com\/cat\/pilones-flexibles-per-carril-bici\/\" \/>\n<meta property=\"og:site_name\" content=\"Separadors carrils bici\" \/>\n<meta property=\"article:modified_time\" content=\"2024-05-10T13:40:30+00:00\" \/>\n<meta name=\"twitter:card\" content=\"summary_large_image\" \/>\n<meta name=\"twitter:label1\" content=\"Temps estimat de lectura\" \/>\n\t<meta name=\"twitter:data1\" content=\"2 minuts\" \/>\n<script type=\"application\/ld+json\" class=\"yoast-schema-graph\">{\"@context\":\"https:\/\/schema.org\",\"@graph\":[{\"@type\":\"WebPage\",\"@id\":\"https:\/\/www.separadorcarrilbici.com\/cat\/pilones-flexibles-per-carril-bici\/\",\"url\":\"https:\/\/www.separadorcarrilbici.com\/cat\/pilones-flexibles-per-carril-bici\/\",\"name\":\"Pilones flexibles per carril bici - Separadors carrils bici\",\"isPartOf\":{\"@id\":\"https:\/\/www.separadorcarrilbici.com\/cat\/#website\"},\"datePublished\":\"2022-11-22T16:08:21+00:00\",\"dateModified\":\"2024-05-10T13:40:30+00:00\",\"description\":\"Fabricants i instal\u00b7ladors de pilonas flexibles de carril bici ideals per a instal\u00b7lar al costat dels nostres separadors vials de carril bici.\",\"breadcrumb\":{\"@id\":\"https:\/\/www.separadorcarrilbici.com\/cat\/pilones-flexibles-per-carril-bici\/#breadcrumb\"},\"inLanguage\":\"ca\",\"potentialAction\":[{\"@type\":\"ReadAction\",\"target\":[\"https:\/\/www.separadorcarrilbici.com\/cat\/pilones-flexibles-per-carril-bici\/\"]}]},{\"@type\":\"BreadcrumbList\",\"@id\":\"https:\/\/www.separadorcarrilbici.com\/cat\/pilones-flexibles-per-carril-bici\/#breadcrumb\",\"itemListElement\":[{\"@type\":\"ListItem\",\"position\":1,\"name\":\"Inici\",\"item\":\"https:\/\/www.separadorcarrilbici.com\/cat\/\"},{\"@type\":\"ListItem\",\"position\":2,\"name\":\"Pilones flexibles per carril bici\"}]},{\"@type\":\"WebSite\",\"@id\":\"https:\/\/www.separadorcarrilbici.com\/cat\/#website\",\"url\":\"https:\/\/www.separadorcarrilbici.com\/cat\/\",\"name\":\"Separadors carrils bici\",\"description\":\"Fabricants de separadors vials per carrils bici\",\"potentialAction\":[{\"@type\":\"SearchAction\",\"target\":{\"@type\":\"EntryPoint\",\"urlTemplate\":\"https:\/\/www.separadorcarrilbici.com\/cat\/?s={search_term_string}\"},\"query-input\":{\"@type\":\"PropertyValueSpecification\",\"valueRequired\":true,\"valueName\":\"search_term_string\"}}],\"inLanguage\":\"ca\"}]}<\/script>\n<!-- \/ Yoast SEO plugin. -->","yoast_head_json":{"title":"Pilones flexibles per carril bici - Separadors carrils bici","description":"Fabricants i instal\u00b7ladors de pilonas flexibles de carril bici ideals per a instal\u00b7lar al costat dels nostres separadors vials de carril bici.","robots":{"index":"index","follow":"follow","max-snippet":"max-snippet:-1","max-image-preview":"max-image-preview:large","max-video-preview":"max-video-preview:-1"},"canonical":"https:\/\/www.separadorcarrilbici.com\/cat\/pilones-flexibles-per-carril-bici\/","og_locale":"ca_ES","og_type":"article","og_title":"Pilones flexibles per carril bici - Separadors carrils bici","og_description":"Fabricants i instal\u00b7ladors de pilonas flexibles de carril bici ideals per a instal\u00b7lar al costat dels nostres separadors vials de carril bici.","og_url":"https:\/\/www.separadorcarrilbici.com\/cat\/pilones-flexibles-per-carril-bici\/","og_site_name":"Separadors carrils bici","article_modified_time":"2024-05-10T13:40:30+00:00","twitter_card":"summary_large_image","twitter_misc":{"Temps estimat de lectura":"2 minuts"},"schema":{"@context":"https:\/\/schema.org","@graph":[{"@type":"WebPage","@id":"https:\/\/www.separadorcarrilbici.com\/cat\/pilones-flexibles-per-carril-bici\/","url":"https:\/\/www.separadorcarrilbici.com\/cat\/pilones-flexibles-per-carril-bici\/","name":"Pilones flexibles per carril bici - Separadors carrils bici","isPartOf":{"@id":"https:\/\/www.separadorcarrilbici.com\/cat\/#website"},"datePublished":"2022-11-22T16:08:21+00:00","dateModified":"2024-05-10T13:40:30+00:00","description":"Fabricants i instal\u00b7ladors de pilonas flexibles de carril bici ideals per a instal\u00b7lar al costat dels nostres separadors vials de carril bici.","breadcrumb":{"@id":"https:\/\/www.separadorcarrilbici.com\/cat\/pilones-flexibles-per-carril-bici\/#breadcrumb"},"inLanguage":"ca","potentialAction":[{"@type":"ReadAction","target":["https:\/\/www.separadorcarrilbici.com\/cat\/pilones-flexibles-per-carril-bici\/"]}]},{"@type":"BreadcrumbList","@id":"https:\/\/www.separadorcarrilbici.com\/cat\/pilones-flexibles-per-carril-bici\/#breadcrumb","itemListElement":[{"@type":"ListItem","position":1,"name":"Inici","item":"https:\/\/www.separadorcarrilbici.com\/cat\/"},{"@type":"ListItem","position":2,"name":"Pilones flexibles per carril bici"}]},{"@type":"WebSite","@id":"https:\/\/www.separadorcarrilbici.com\/cat\/#website","url":"https:\/\/www.separadorcarrilbici.com\/cat\/","name":"Separadors carrils bici","description":"Fabricants de separadors vials per carrils bici","potentialAction":[{"@type":"SearchAction","target":{"@type":"EntryPoint","urlTemplate":"https:\/\/www.separadorcarrilbici.com\/cat\/?s={search_term_string}"},"query-input":{"@type":"PropertyValueSpecification","valueRequired":true,"valueName":"search_term_string"}}],"inLanguage":"ca"}]}},"_links":{"self":[{"href":"https:\/\/www.separadorcarrilbici.com\/cat\/wp-json\/wp\/v2\/pages\/1134"}],"collection":[{"href":"https:\/\/www.separadorcarrilbici.com\/cat\/wp-json\/wp\/v2\/pages"}],"about":[{"href":"https:\/\/www.separadorcarrilbici.com\/cat\/wp-json\/wp\/v2\/types\/page"}],"author":[{"embeddable":true,"href":"https:\/\/www.separadorcarrilbici.com\/cat\/wp-json\/wp\/v2\/users\/1"}],"replies":[{"embeddable":true,"href":"https:\/\/www.separadorcarrilbici.com\/cat\/wp-json\/wp\/v2\/comments?post=1134"}],"version-history":[{"count":7,"href":"https:\/\/www.separadorcarrilbici.com\/cat\/wp-json\/wp\/v2\/pages\/1134\/revisions"}],"predecessor-version":[{"id":1249,"href":"https:\/\/www.separadorcarrilbici.com\/cat\/wp-json\/wp\/v2\/pages\/1134\/revisions\/1249"}],"wp:attachment":[{"href":"https:\/\/www.separadorcarrilbici.com\/cat\/wp-json\/wp\/v2\/media?parent=1134"}],"curies":[{"name":"wp","href":"https:\/\/api.w.org\/{rel}","templated":true}]}}